{"id":11721,"date":"2025-06-03T16:28:39","date_gmt":"2025-06-03T21:28:39","guid":{"rendered":"https:\/\/usml.edu\/?post_type=tribe_events&#038;p=11721"},"modified":"2025-07-01T14:13:06","modified_gmt":"2025-07-01T19:13:06","slug":"ven-a-ver-at-st-paul-vi-mater-christi-church","status":"publish","type":"tribe_events","link":"https:\/\/usml.edu\/es\/event\/ven-a-ver-at-st-paul-vi-mater-christi-church\/","title":{"rendered":"Ven a Ver at St. Paul VI: Mater Christi Church"},"content":{"rendered":"<p><img loading=\"lazy\" decoding=\"async\" class=\"alignnone  wp-image-11747\" src=\"https:\/\/usml.edu\/wp-content\/uploads\/Ven-a-Ver-Logo-300x87.png\" alt=\"\" width=\"466\" height=\"135\" srcset=\"https:\/\/usml.edu\/wp-content\/uploads\/Ven-a-Ver-Logo-300x87.png 300w, https:\/\/usml.edu\/wp-content\/uploads\/Ven-a-Ver-Logo-1024x296.png 1024w, https:\/\/usml.edu\/wp-content\/uploads\/Ven-a-Ver-Logo-768x222.png 768w, https:\/\/usml.edu\/wp-content\/uploads\/Ven-a-Ver-Logo-1536x443.png 1536w, https:\/\/usml.edu\/wp-content\/uploads\/Ven-a-Ver-Logo-2048x591.png 2048w\" sizes=\"auto, (max-width: 466px) 100vw, 466px\" \/><\/p>\r\n<p><strong>\u00a1Ven y Mira! Descubre tu Llamado a Liderar y Servir<\/strong><\/p>\r\n<p><\/p>\r\n<p><\/p>\r\n<p>La Escuela de Liderazgo y Evangelizaci\u00f3n de la Universidad de Santa Mar\u00eda del Lago te invita a un evento especial <strong>&#8220;\u00a1Ven y Mira!&#8221;<\/strong>: una oportunidad para explorar c\u00f3mo Dios te puede estar llamando a profundizar tu fe, crecer como l\u00edder y servir a su Iglesia con mayor eficacia.<\/p>\r\n<p>\r\n\r\n<\/p>\r\n<p>Organizaremos sesiones informativas en parroquias de la Arquidi\u00f3cesis de Chicago, donde podr\u00e1s conocer nuestros din\u00e1micos certificados de formaci\u00f3n laica y programas de diaconado, dise\u00f1ados para capacitar a catequistas, ministros parroquiales y l\u00edderes laicos para un ministerio impactante.<\/p>\r\n<p>\r\n\r\n<\/p>\r\n<p>Ya sea que sientas una conmoci\u00f3n en tu coraz\u00f3n o simplemente quieras explorar qu\u00e9 sigue en tu camino de fe, ven y d\u00e9jate inspirar. Escuchar\u00e1s a nuestro apasionado equipo, descubrir\u00e1s la formaci\u00f3n transformadora que ofrecemos, te inscribir\u00e1s para recorrer nuestro hermoso campus y recibir\u00e1s el apoyo que necesitas para dar ese siguiente paso de fe.<\/p>\r\n<p>\r\n\r\n<\/p>\r\n<p><strong>Dios te llama. \u00bfEst\u00e1s listo para responder? \u00a1Ven y Mira!<\/strong><\/p>\r\n<p>Vea todos nuestros eventos Ven y Mira haciendo <a href=\"https:\/\/usml.edu\/es\/sple\/come-and-see\/\">clic aqu\u00ed<\/a>.<\/p>","protected":false},"excerpt":{"rendered":"<p>\u00a1Ven y Mira! Descubre tu Llamado a Liderar y Servir La Escuela de Liderazgo y Evangelizaci\u00f3n de la Universidad de Santa Mar\u00eda del Lago te invita a un evento especial&#8230;<\/p>","protected":false},"author":17,"featured_media":11712,"template":"","meta":{"_acf_changed":false,"_kad_blocks_custom_css":"","_kad_blocks_head_custom_js":"","_kad_blocks_body_custom_js":"","_kad_blocks_footer_custom_js":"","_kadence_starter_templates_imported_post":false,"_kad_post_transparent":"","_kad_post_title":"","_kad_post_layout":"","_kad_post_sidebar_id":"","_kad_post_content_style":"","_kad_post_vertical_padding":"","_kad_post_feature":"","_kad_post_feature_position":"","_kad_post_header":false,"_kad_post_footer":false,"_tribe_events_status":"","_tribe_events_status_reason":"","footnotes":""},"tags":[],"tribe_events_cat":[150,56],"class_list":["post-11721","tribe_events","type-tribe_events","status-publish","has-post-thumbnail","hentry","tribe_events_cat-come-and-see","tribe_events_cat-sple","cat_come-and-see","cat_sple"],"acf":[],"yoast_head":"<!-- This site is optimized with the Yoast SEO plugin v27.4 - https:\/\/yoast.com\/product\/yoast-seo-wordpress\/ -->\n<title>Ven a Ver at St. Paul VI: Mater Christi Church - USML<\/title>\n<meta name=\"description\" content=\"The School of Parish Leadership and Evangelization at the University of Saint Mary of the Lake invites you to a special\u00a0\u201cCome and See!\u201d\u00a0event\u2014an opportunity to explore how God may be calling you to deepen your faith, grow as a leader, and serve His Church more effectively.\" \/>\n<meta name=\"robots\" content=\"index, follow, max-snippet:-1, max-image-preview:large, max-video-preview:-1\" \/>\n<link rel=\"canonical\" href=\"https:\/\/usml.edu\/es\/event\/ven-a-ver-at-st-paul-vi-mater-christi-church\/\" \/>\n<meta property=\"og:locale\" content=\"es_MX\" \/>\n<meta property=\"og:type\" content=\"article\" \/>\n<meta property=\"og:title\" content=\"Ven a Ver at St. Paul VI: Mater Christi Church - USML\" \/>\n<meta property=\"og:description\" content=\"The School of Parish Leadership and Evangelization at the University of Saint Mary of the Lake invites you to a special\u00a0\u201cCome and See!\u201d\u00a0event\u2014an opportunity to explore how God may be calling you to deepen your faith, grow as a leader, and serve His Church more effectively.\" \/>\n<meta property=\"og:url\" content=\"https:\/\/usml.edu\/es\/event\/ven-a-ver-at-st-paul-vi-mater-christi-church\/\" \/>\n<meta property=\"og:site_name\" content=\"USML\" \/>\n<meta property=\"article:publisher\" content=\"https:\/\/www.facebook.com\/UniversityofSaintMaryoftheLake\" \/>\n<meta property=\"article:modified_time\" content=\"2025-07-01T19:13:06+00:00\" \/>\n<meta property=\"og:image\" content=\"https:\/\/usml.edu\/wp-content\/uploads\/St.-Paul-VI-Mater-Christi-Church-Feature-Image.jpg\" \/>\n\t<meta property=\"og:image:width\" content=\"1200\" \/>\n\t<meta property=\"og:image:height\" content=\"628\" \/>\n\t<meta property=\"og:image:type\" content=\"image\/jpeg\" \/>\n<meta name=\"twitter:card\" content=\"summary_large_image\" \/>\n<meta name=\"twitter:site\" content=\"@MundeleinSem\" \/>\n<script type=\"application\/ld+json\" class=\"yoast-schema-graph\">{\"@context\":\"https:\\\/\\\/schema.org\",\"@graph\":[{\"@type\":\"WebPage\",\"@id\":\"https:\\\/\\\/usml.edu\\\/event\\\/ven-a-ver-at-st-paul-vi-mater-christi-church\\\/\",\"url\":\"https:\\\/\\\/usml.edu\\\/event\\\/ven-a-ver-at-st-paul-vi-mater-christi-church\\\/\",\"name\":\"Ven a Ver at St. Paul VI: Mater Christi Church - USML\",\"isPartOf\":{\"@id\":\"https:\\\/\\\/usml.edu\\\/#website\"},\"primaryImageOfPage\":{\"@id\":\"https:\\\/\\\/usml.edu\\\/event\\\/ven-a-ver-at-st-paul-vi-mater-christi-church\\\/#primaryimage\"},\"image\":{\"@id\":\"https:\\\/\\\/usml.edu\\\/event\\\/ven-a-ver-at-st-paul-vi-mater-christi-church\\\/#primaryimage\"},\"thumbnailUrl\":\"https:\\\/\\\/usml.edu\\\/wp-content\\\/uploads\\\/St.-Paul-VI-Mater-Christi-Church-Feature-Image.jpg\",\"datePublished\":\"2025-06-03T21:28:39+00:00\",\"dateModified\":\"2025-07-01T19:13:06+00:00\",\"description\":\"The School of Parish Leadership and Evangelization at the University of Saint Mary of the Lake invites you to a special\u00a0\u201cCome and See!\u201d\u00a0event\u2014an opportunity to explore how God may be calling you to deepen your faith, grow as a leader, and serve His Church more effectively.\",\"breadcrumb\":{\"@id\":\"https:\\\/\\\/usml.edu\\\/event\\\/ven-a-ver-at-st-paul-vi-mater-christi-church\\\/#breadcrumb\"},\"inLanguage\":\"es\",\"potentialAction\":[{\"@type\":\"ReadAction\",\"target\":[\"https:\\\/\\\/usml.edu\\\/event\\\/ven-a-ver-at-st-paul-vi-mater-christi-church\\\/\"]}]},{\"@type\":\"ImageObject\",\"inLanguage\":\"es\",\"@id\":\"https:\\\/\\\/usml.edu\\\/event\\\/ven-a-ver-at-st-paul-vi-mater-christi-church\\\/#primaryimage\",\"url\":\"https:\\\/\\\/usml.edu\\\/wp-content\\\/uploads\\\/St.-Paul-VI-Mater-Christi-Church-Feature-Image.jpg\",\"contentUrl\":\"https:\\\/\\\/usml.edu\\\/wp-content\\\/uploads\\\/St.-Paul-VI-Mater-Christi-Church-Feature-Image.jpg\",\"width\":1200,\"height\":628},{\"@type\":\"BreadcrumbList\",\"@id\":\"https:\\\/\\\/usml.edu\\\/event\\\/ven-a-ver-at-st-paul-vi-mater-christi-church\\\/#breadcrumb\",\"itemListElement\":[{\"@type\":\"ListItem\",\"position\":1,\"name\":\"Home\",\"item\":\"https:\\\/\\\/usml.edu\\\/\"},{\"@type\":\"ListItem\",\"position\":2,\"name\":\"Events\",\"item\":\"https:\\\/\\\/usml.edu\\\/events\\\/\"},{\"@type\":\"ListItem\",\"position\":3,\"name\":\"Ven a Ver at St. Paul VI: Mater Christi Church\"}]},{\"@type\":\"WebSite\",\"@id\":\"https:\\\/\\\/usml.edu\\\/#website\",\"url\":\"https:\\\/\\\/usml.edu\\\/\",\"name\":\"University of Saint Mary of the Lake\",\"description\":\"\",\"publisher\":{\"@id\":\"https:\\\/\\\/usml.edu\\\/#organization\"},\"potentialAction\":[{\"@type\":\"SearchAction\",\"target\":{\"@type\":\"EntryPoint\",\"urlTemplate\":\"https:\\\/\\\/usml.edu\\\/?s={search_term_string}\"},\"query-input\":{\"@type\":\"PropertyValueSpecification\",\"valueRequired\":true,\"valueName\":\"search_term_string\"}}],\"inLanguage\":\"es\"},{\"@type\":\"Organization\",\"@id\":\"https:\\\/\\\/usml.edu\\\/#organization\",\"name\":\"University of Saint Mary of the Lake\",\"url\":\"https:\\\/\\\/usml.edu\\\/\",\"logo\":{\"@type\":\"ImageObject\",\"inLanguage\":\"es\",\"@id\":\"https:\\\/\\\/usml.edu\\\/#\\\/schema\\\/logo\\\/image\\\/\",\"url\":\"\",\"contentUrl\":\"\",\"caption\":\"University of Saint Mary of the Lake\"},\"image\":{\"@id\":\"https:\\\/\\\/usml.edu\\\/#\\\/schema\\\/logo\\\/image\\\/\"},\"sameAs\":[\"https:\\\/\\\/www.facebook.com\\\/UniversityofSaintMaryoftheLake\",\"https:\\\/\\\/x.com\\\/MundeleinSem\",\"https:\\\/\\\/www.instagram.com\\\/mundeleinsem\\\/\",\"https:\\\/\\\/www.youtube.com\\\/user\\\/MundeleinSeminary\"]}]}<\/script>\n<!-- \/ Yoast SEO plugin. -->","yoast_head_json":{"title":"Ven a Ver at St. Paul VI: Mater Christi Church - USML","description":"The School of Parish Leadership and Evangelization at the University of Saint Mary of the Lake invites you to a special\u00a0\u201cCome and See!\u201d\u00a0event\u2014an opportunity to explore how God may be calling you to deepen your faith, grow as a leader, and serve His Church more effectively.","robots":{"index":"index","follow":"follow","max-snippet":"max-snippet:-1","max-image-preview":"max-image-preview:large","max-video-preview":"max-video-preview:-1"},"canonical":"https:\/\/usml.edu\/es\/event\/ven-a-ver-at-st-paul-vi-mater-christi-church\/","og_locale":"es_MX","og_type":"article","og_title":"Ven a Ver at St. Paul VI: Mater Christi Church - USML","og_description":"The School of Parish Leadership and Evangelization at the University of Saint Mary of the Lake invites you to a special\u00a0\u201cCome and See!\u201d\u00a0event\u2014an opportunity to explore how God may be calling you to deepen your faith, grow as a leader, and serve His Church more effectively.","og_url":"https:\/\/usml.edu\/es\/event\/ven-a-ver-at-st-paul-vi-mater-christi-church\/","og_site_name":"USML","article_publisher":"https:\/\/www.facebook.com\/UniversityofSaintMaryoftheLake","article_modified_time":"2025-07-01T19:13:06+00:00","og_image":[{"width":1200,"height":628,"url":"https:\/\/usml.edu\/wp-content\/uploads\/St.-Paul-VI-Mater-Christi-Church-Feature-Image.jpg","type":"image\/jpeg"}],"twitter_card":"summary_large_image","twitter_site":"@MundeleinSem","schema":{"@context":"https:\/\/schema.org","@graph":[{"@type":"WebPage","@id":"https:\/\/usml.edu\/event\/ven-a-ver-at-st-paul-vi-mater-christi-church\/","url":"https:\/\/usml.edu\/event\/ven-a-ver-at-st-paul-vi-mater-christi-church\/","name":"Ven a Ver at St. Paul VI: Mater Christi Church - USML","isPartOf":{"@id":"https:\/\/usml.edu\/#website"},"primaryImageOfPage":{"@id":"https:\/\/usml.edu\/event\/ven-a-ver-at-st-paul-vi-mater-christi-church\/#primaryimage"},"image":{"@id":"https:\/\/usml.edu\/event\/ven-a-ver-at-st-paul-vi-mater-christi-church\/#primaryimage"},"thumbnailUrl":"https:\/\/usml.edu\/wp-content\/uploads\/St.-Paul-VI-Mater-Christi-Church-Feature-Image.jpg","datePublished":"2025-06-03T21:28:39+00:00","dateModified":"2025-07-01T19:13:06+00:00","description":"The School of Parish Leadership and Evangelization at the University of Saint Mary of the Lake invites you to a special\u00a0\u201cCome and See!\u201d\u00a0event\u2014an opportunity to explore how God may be calling you to deepen your faith, grow as a leader, and serve His Church more effectively.","breadcrumb":{"@id":"https:\/\/usml.edu\/event\/ven-a-ver-at-st-paul-vi-mater-christi-church\/#breadcrumb"},"inLanguage":"es","potentialAction":[{"@type":"ReadAction","target":["https:\/\/usml.edu\/event\/ven-a-ver-at-st-paul-vi-mater-christi-church\/"]}]},{"@type":"ImageObject","inLanguage":"es","@id":"https:\/\/usml.edu\/event\/ven-a-ver-at-st-paul-vi-mater-christi-church\/#primaryimage","url":"https:\/\/usml.edu\/wp-content\/uploads\/St.-Paul-VI-Mater-Christi-Church-Feature-Image.jpg","contentUrl":"https:\/\/usml.edu\/wp-content\/uploads\/St.-Paul-VI-Mater-Christi-Church-Feature-Image.jpg","width":1200,"height":628},{"@type":"BreadcrumbList","@id":"https:\/\/usml.edu\/event\/ven-a-ver-at-st-paul-vi-mater-christi-church\/#breadcrumb","itemListElement":[{"@type":"ListItem","position":1,"name":"Home","item":"https:\/\/usml.edu\/"},{"@type":"ListItem","position":2,"name":"Events","item":"https:\/\/usml.edu\/events\/"},{"@type":"ListItem","position":3,"name":"Ven a Ver at St. Paul VI: Mater Christi Church"}]},{"@type":"WebSite","@id":"https:\/\/usml.edu\/#website","url":"https:\/\/usml.edu\/","name":"Universidad de Santa Mar\u00eda del Lago","description":"","publisher":{"@id":"https:\/\/usml.edu\/#organization"},"potentialAction":[{"@type":"SearchAction","target":{"@type":"EntryPoint","urlTemplate":"https:\/\/usml.edu\/?s={search_term_string}"},"query-input":{"@type":"PropertyValueSpecification","valueRequired":true,"valueName":"search_term_string"}}],"inLanguage":"es"},{"@type":"Organization","@id":"https:\/\/usml.edu\/#organization","name":"Universidad de Santa Mar\u00eda del Lago","url":"https:\/\/usml.edu\/","logo":{"@type":"ImageObject","inLanguage":"es","@id":"https:\/\/usml.edu\/#\/schema\/logo\/image\/","url":"","contentUrl":"","caption":"University of Saint Mary of the Lake"},"image":{"@id":"https:\/\/usml.edu\/#\/schema\/logo\/image\/"},"sameAs":["https:\/\/www.facebook.com\/UniversityofSaintMaryoftheLake","https:\/\/x.com\/MundeleinSem","https:\/\/www.instagram.com\/mundeleinsem\/","https:\/\/www.youtube.com\/user\/MundeleinSeminary"]}]}},"taxonomy_info":{"tribe_events_cat":[{"value":150,"label":"Come and See"},{"value":56,"label":"SPLE"}]},"featured_image_src_large":["https:\/\/usml.edu\/wp-content\/uploads\/St.-Paul-VI-Mater-Christi-Church-Feature-Image-1024x536.jpg",1024,536,true],"author_info":{"display_name":"Tim Klunder","author_link":"https:\/\/usml.edu\/es\/author\/tklunder\/"},"comment_info":"","publishpress_future_action":{"enabled":false,"date":"2026-05-06 05:52:38","action":"change-status","newStatus":"draft","terms":[],"taxonomy":"post_tag","extraData":[]},"publishpress_future_workflow_manual_trigger":{"enabledWorkflows":[]},"_links":{"self":[{"href":"https:\/\/usml.edu\/es\/wp-json\/wp\/v2\/tribe_events\/11721","targetHints":{"allow":["GET"]}}],"collection":[{"href":"https:\/\/usml.edu\/es\/wp-json\/wp\/v2\/tribe_events"}],"about":[{"href":"https:\/\/usml.edu\/es\/wp-json\/wp\/v2\/types\/tribe_events"}],"author":[{"embeddable":true,"href":"https:\/\/usml.edu\/es\/wp-json\/wp\/v2\/users\/17"}],"version-history":[{"count":0,"href":"https:\/\/usml.edu\/es\/wp-json\/wp\/v2\/tribe_events\/11721\/revisions"}],"wp:featuredmedia":[{"embeddable":true,"href":"https:\/\/usml.edu\/es\/wp-json\/wp\/v2\/media\/11712"}],"wp:attachment":[{"href":"https:\/\/usml.edu\/es\/wp-json\/wp\/v2\/media?parent=11721"}],"wp:term":[{"taxonomy":"post_tag","embeddable":true,"href":"https:\/\/usml.edu\/es\/wp-json\/wp\/v2\/tags?post=11721"},{"taxonomy":"tribe_events_cat","embeddable":true,"href":"https:\/\/usml.edu\/es\/wp-json\/wp\/v2\/tribe_events_cat?post=11721"}],"curies":[{"name":"wp","href":"https:\/\/api.w.org\/{rel}","templated":true}]}}